{"id":521,"date":"2017-08-07T03:00:39","date_gmt":"2017-08-07T02:00:39","guid":{"rendered":"https:\/\/boscoville.uqam.ca\/?page_id=521"},"modified":"2017-08-23T16:49:19","modified_gmt":"2017-08-23T15:49:19","slug":"le-boulot-a-boscoville-description","status":"publish","type":"page","link":"https:\/\/boscoville.uqam.ca\/index.php\/sujet3\/le-boulot-a-boscoville-description\/","title":{"rendered":"Le \u00ab\u00a0boulot\u00a0\u00bb \u00e0 Boscoville &#8211; description"},"content":{"rendered":"<p>[vc_row][vc_column][vc_empty_space height=\u00a0\u00bb100px\u00a0\u00bb][\/vc_column][\/vc_row][vc_row][vc_column el_class=\u00a0\u00bbalign-center\u00a0\u00bb]<div class=\"trinity-box box-white  animated\" data-fx=\"fadeInUpBig\">\n                  <span><span class=\"\">Le \u00ab boulot \u00bb \u00e0 Boscoville<\/span><\/span>\n                <\/div>[\/vc_column][\/vc_row][vc_row][vc_column]<div class=\"text-center  liner- liner-\" ><span class=\"dark-bg\"><\/span><\/div>[\/vc_column][\/vc_row][vc_row][vc_column][vc_empty_space height=\u00a0\u00bb100px\u00a0\u00bb][\/vc_column][\/vc_row][vc_row][vc_column][\/vc_column][\/vc_row][vc_row gap=\u00a0\u00bb20&Prime; content_placement=\u00a0\u00bbtop\u00a0\u00bb css=\u00a0\u00bb.vc_custom_1502655646378{margin-right: 50px !important;margin-left: 50px !important;}\u00a0\u00bb][vc_column width=\u00a0\u00bb2\/3&Prime;][vc_single_image image=\u00a0\u00bb522&Prime; img_size=\u00a0\u00bblarge\u00a0\u00bb add_caption=\u00a0\u00bbyes\u00a0\u00bb alignment=\u00a0\u00bbcenter\u00a0\u00bb style=\u00a0\u00bbvc_box_rounded\u00a0\u00bb css_animation=\u00a0\u00bbleft-to-right\u00a0\u00bb][\/vc_column][vc_column width=\u00a0\u00bb1\/3&Prime;][vc_column_text css=\u00a0\u00bb.vc_custom_1503427576845{margin-left: -50px !important;}\u00a0\u00bb]<big><span style=\"color: #ffffff;\">Le projet de Boscoville impliquait une rupture avec la tradition de formation professionnelle propre aux anciennes \u00e9coles de r\u00e9forme. Pendant longtemps, dans ces anciennes institutions, on avait pr\u00e9f\u00e9r\u00e9 apprendre un m\u00e9tier manuel aux d\u00e9linquants (cordonnerie, menuiserie, m\u00e9canique, etc.) plut\u00f4t que de les scolariser. On estimait g\u00e9n\u00e9ralement que leur potentiel intellectuel \u00e9tait insuffisant. \u00c9tablissant un lien entre les domaines \u00e9motionnel et intellectuel, Boscoville a plut\u00f4t choisi de donner une deuxi\u00e8me chance au projet de scolarisation de ces jeunes par l\u2019interm\u00e9diaire d\u2019un programme d\u2019enseignement individualis\u00e9, con\u00e7u et d\u00e9velopp\u00e9 sur place.<br \/>\n<\/span><\/big><\/p>\n<p>&nbsp;<\/p>\n<p><big><span style=\"color: #ffffff;\">Ce syst\u00e8me appel\u00e9 \u00ab\u00a0le Boulot\u00a0\u00bb s\u2019appuyait sur des fiches plut\u00f4t que sur un enseignement magistral classique. L\u2019adulte responsable pouvait ainsi accorder toute son attention au cheminement individuel de chacun des gar\u00e7ons. Un nombre significatif de t\u00e9moins de notre enqu\u00eate ont appr\u00e9ci\u00e9 cette m\u00e9thode (d\u00e9laiss\u00e9e dans les ann\u00e9es 1980). Comme beaucoup de pensionnaires de Boscoville, qui avaient auparavant \u00e9prouv\u00e9 des probl\u00e8mes dans le milieu scolaire r\u00e9gulier, ils ont appr\u00e9ci\u00e9 cette m\u00e9thode gr\u00e2ce \u00e0 laquelle ils ne se sentaient pas d\u00e9nigr\u00e9s. Or l\u2019approche ne fut pas miraculeuse. Quelques anciens nous ont avou\u00e9, bien candidement, avoir peu progress\u00e9 dans leurs \u00e9tudes \u00e0 Boscoville\u2026<br \/>\n<\/span><\/big>[\/vc_column_text][\/vc_column][\/vc_row][vc_row][vc_column][vc_empty_space height=\u00a0\u00bb100px\u00a0\u00bb][\/vc_column][\/vc_row]<\/p>\n","protected":false},"excerpt":{"rendered":"<p>[vc_row][vc_column][vc_empty_space height=\u00a0\u00bb100px\u00a0\u00bb][\/vc_column][\/vc_row][vc_row][vc_column el_class=\u00a0\u00bbalign-center\u00a0\u00bb][\/vc_column][\/vc_row][vc_row][vc_column][\/vc_column][\/vc_row][vc_row][vc_column][vc_empty_space height=\u00a0\u00bb100px\u00a0\u00bb][\/vc_column][\/vc_row][vc_row][vc_column][\/vc_column][\/vc_row][vc_row gap=\u00a0\u00bb20&Prime; content_placement=\u00a0\u00bbtop\u00a0\u00bb css=\u00a0\u00bb.vc_custom_1502655646378{margin-right: 50px !important;margin-left: 50px !important;}\u00a0\u00bb][vc_column width=\u00a0\u00bb2\/3&Prime;][vc_single_image image=\u00a0\u00bb522&Prime; img_size=\u00a0\u00bblarge\u00a0\u00bb add_caption=\u00a0\u00bbyes\u00a0\u00bb alignment=\u00a0\u00bbcenter\u00a0\u00bb style=\u00a0\u00bbvc_box_rounded\u00a0\u00bb css_animation=\u00a0\u00bbleft-to-right\u00a0\u00bb][\/vc_column][vc_column width=\u00a0\u00bb1\/3&Prime;][vc_column_text css=\u00a0\u00bb.vc_custom_1503427576845{margin-left: -50px !important;}\u00a0\u00bb]Le projet de Boscoville impliquait une rupture avec la tradition de formation professionnelle propre aux anciennes \u00e9coles de r\u00e9forme. Pendant longtemps, dans ces anciennes institutions, on avait pr\u00e9f\u00e9r\u00e9 apprendre un m\u00e9tier manuel aux d\u00e9linquants [&hellip;]<\/p>\n","protected":false},"author":5,"featured_media":0,"parent":479,"menu_order":19,"comment_status":"closed","ping_status":"closed","template":"full-width-page.php","meta":{"footnotes":""},"class_list":["post-521","page","type-page","status-publish","hentry"],"_links":{"self":[{"href":"https:\/\/boscoville.uqam.ca\/index.php\/wp-json\/wp\/v2\/pages\/521","targetHints":{"allow":["GET"]}}],"collection":[{"href":"https:\/\/boscoville.uqam.ca\/index.php\/wp-json\/wp\/v2\/pages"}],"about":[{"href":"https:\/\/boscoville.uqam.ca\/index.php\/wp-json\/wp\/v2\/types\/page"}],"author":[{"embeddable":true,"href":"https:\/\/boscoville.uqam.ca\/index.php\/wp-json\/wp\/v2\/users\/5"}],"replies":[{"embeddable":true,"href":"https:\/\/boscoville.uqam.ca\/index.php\/wp-json\/wp\/v2\/comments?post=521"}],"version-history":[{"count":5,"href":"https:\/\/boscoville.uqam.ca\/index.php\/wp-json\/wp\/v2\/pages\/521\/revisions"}],"predecessor-version":[{"id":833,"href":"https:\/\/boscoville.uqam.ca\/index.php\/wp-json\/wp\/v2\/pages\/521\/revisions\/833"}],"up":[{"embeddable":true,"href":"https:\/\/boscoville.uqam.ca\/index.php\/wp-json\/wp\/v2\/pages\/479"}],"wp:attachment":[{"href":"https:\/\/boscoville.uqam.ca\/index.php\/wp-json\/wp\/v2\/media?parent=521"}],"curies":[{"name":"wp","href":"https:\/\/api.w.org\/{rel}","templated":true}]}}