{"id":669,"date":"2017-08-21T22:07:31","date_gmt":"2017-08-21T21:07:31","guid":{"rendered":"https:\/\/boscoville.uqam.ca\/?page_id=669"},"modified":"2017-08-25T23:01:04","modified_gmt":"2017-08-25T22:01:04","slug":"revenir-a-boscoville-des-anciens-reviennent-sur-les-lieux-description","status":"publish","type":"page","link":"https:\/\/boscoville.uqam.ca\/index.php\/sujet5\/revenir-a-boscoville-des-anciens-reviennent-sur-les-lieux-description\/","title":{"rendered":"Revenir \u00e0 Boscoville\u00a0: des anciens reviennent sur les lieux &#8211; description"},"content":{"rendered":"<p>[vc_row][vc_column][vc_empty_space height=\u00a0\u00bb100px\u00a0\u00bb][\/vc_column][\/vc_row][vc_row][vc_column el_class=\u00a0\u00bbalign-center\u00a0\u00bb]<div class=\"trinity-box box-white  animated\" data-fx=\"fadeInUpBig\">\n                  <span><span class=\"\">Revenir \u00e0 Boscoville : des anciens reviennent sur les lieux<\/span><\/span>\n                <\/div>[\/vc_column][\/vc_row][vc_row][vc_column]<div class=\"text-center  liner- liner-\" ><span class=\"dark-bg\"><\/span><\/div>[\/vc_column][\/vc_row][vc_row][vc_column][vc_empty_space height=\u00a0\u00bb100px\u00a0\u00bb][\/vc_column][\/vc_row][vc_row][vc_column][\/vc_column][\/vc_row][vc_row gap=\u00a0\u00bb35&Prime; content_placement=\u00a0\u00bbtop\u00a0\u00bb css=\u00a0\u00bb.vc_custom_1502581092246{margin-right: 50px !important;margin-left: 50px !important;}\u00a0\u00bb][vc_column width=\u00a0\u00bb2\/3&Prime;][vc_single_image image=\u00a0\u00bb670&Prime; img_size=\u00a0\u00bbfull\u00a0\u00bb add_caption=\u00a0\u00bbyes\u00a0\u00bb alignment=\u00a0\u00bbcenter\u00a0\u00bb style=\u00a0\u00bbvc_box_rounded\u00a0\u00bb css_animation=\u00a0\u00bbleft-to-right\u00a0\u00bb][\/vc_column][vc_column width=\u00a0\u00bb1\/3&Prime;][vc_column_text css=\u00a0\u00bb.vc_custom_1503698460893{margin-left: -50px !important;}\u00a0\u00bb]<big><span style=\"color: #ffffff;\">L\u2019importance de Boscoville dans la trajectoire des anciens est attest\u00e9e par l\u2019habitude prise par certains d\u2019y revenir faire leur tour. Le site de Rivi\u00e8re-des-Prairies en effet devenu, pour ces hommes, une sorte de lieu de p\u00e8lerinage. Les lieux semblent investis d\u2019une forte charge symbolique. Malgr\u00e9 le passage des ans, ou peut-\u00eatre gr\u00e2ce \u00e0 lui, un sentiment d\u2019appartenance s\u2019est d\u00e9velopp\u00e9. On y revient \u00e0 l\u2019occasion, seul ou avec ses enfants et m\u00eame ses petits-enfants, en voiture ou \u00e0 v\u00e9lo. \u00ab Il n\u2019y a pas une de mes dix blondes qui n\u2019est pas venue visiter Boscoville \u00bb, raconte Jean. Le gardien de s\u00e9curit\u00e9 du site affirme rencontrer de fa\u00e7on r\u00e9guli\u00e8re des messieurs \u00ab d\u2019un certain \u00e2ge \u00bb, revenant sur les lieux de leur jeunesse.<\/span><br \/>\n<\/big>[\/vc_column_text][\/vc_column][\/vc_row][vc_row][vc_column][vc_empty_space height=\u00a0\u00bb100px\u00a0\u00bb][\/vc_column][\/vc_row]<\/p>\n","protected":false},"excerpt":{"rendered":"<p>[vc_row][vc_column][vc_empty_space height=\u00a0\u00bb100px\u00a0\u00bb][\/vc_column][\/vc_row][vc_row][vc_column el_class=\u00a0\u00bbalign-center\u00a0\u00bb][\/vc_column][\/vc_row][vc_row][vc_column][\/vc_column][\/vc_row][vc_row][vc_column][vc_empty_space height=\u00a0\u00bb100px\u00a0\u00bb][\/vc_column][\/vc_row][vc_row][vc_column][\/vc_column][\/vc_row][vc_row gap=\u00a0\u00bb35&Prime; content_placement=\u00a0\u00bbtop\u00a0\u00bb css=\u00a0\u00bb.vc_custom_1502581092246{margin-right: 50px !important;margin-left: 50px !important;}\u00a0\u00bb][vc_column width=\u00a0\u00bb2\/3&Prime;][vc_single_image image=\u00a0\u00bb670&Prime; img_size=\u00a0\u00bbfull\u00a0\u00bb add_caption=\u00a0\u00bbyes\u00a0\u00bb alignment=\u00a0\u00bbcenter\u00a0\u00bb style=\u00a0\u00bbvc_box_rounded\u00a0\u00bb css_animation=\u00a0\u00bbleft-to-right\u00a0\u00bb][\/vc_column][vc_column width=\u00a0\u00bb1\/3&Prime;][vc_column_text css=\u00a0\u00bb.vc_custom_1503698460893{margin-left: -50px !important;}\u00a0\u00bb]L\u2019importance de Boscoville dans la trajectoire des anciens est attest\u00e9e par l\u2019habitude prise par certains d\u2019y revenir faire leur tour. Le site de Rivi\u00e8re-des-Prairies en effet devenu, pour ces hommes, une sorte de lieu [&hellip;]<\/p>\n","protected":false},"author":5,"featured_media":0,"parent":650,"menu_order":39,"comment_status":"closed","ping_status":"closed","template":"full-width-page.php","meta":{"footnotes":""},"class_list":["post-669","page","type-page","status-publish","hentry"],"_links":{"self":[{"href":"https:\/\/boscoville.uqam.ca\/index.php\/wp-json\/wp\/v2\/pages\/669","targetHints":{"allow":["GET"]}}],"collection":[{"href":"https:\/\/boscoville.uqam.ca\/index.php\/wp-json\/wp\/v2\/pages"}],"about":[{"href":"https:\/\/boscoville.uqam.ca\/index.php\/wp-json\/wp\/v2\/types\/page"}],"author":[{"embeddable":true,"href":"https:\/\/boscoville.uqam.ca\/index.php\/wp-json\/wp\/v2\/users\/5"}],"replies":[{"embeddable":true,"href":"https:\/\/boscoville.uqam.ca\/index.php\/wp-json\/wp\/v2\/comments?post=669"}],"version-history":[{"count":3,"href":"https:\/\/boscoville.uqam.ca\/index.php\/wp-json\/wp\/v2\/pages\/669\/revisions"}],"predecessor-version":[{"id":863,"href":"https:\/\/boscoville.uqam.ca\/index.php\/wp-json\/wp\/v2\/pages\/669\/revisions\/863"}],"up":[{"embeddable":true,"href":"https:\/\/boscoville.uqam.ca\/index.php\/wp-json\/wp\/v2\/pages\/650"}],"wp:attachment":[{"href":"https:\/\/boscoville.uqam.ca\/index.php\/wp-json\/wp\/v2\/media?parent=669"}],"curies":[{"name":"wp","href":"https:\/\/api.w.org\/{rel}","templated":true}]}}