{"id":797,"date":"2017-08-22T22:33:04","date_gmt":"2017-08-22T21:33:04","guid":{"rendered":"https:\/\/boscoville.uqam.ca\/?page_id=797"},"modified":"2017-08-25T23:22:48","modified_gmt":"2017-08-25T22:22:48","slug":"les-temoins-de-notre-enquete-educateurs","status":"publish","type":"page","link":"https:\/\/boscoville.uqam.ca\/index.php\/sujet6\/les-temoins-de-notre-enquete-educateurs\/","title":{"rendered":"Les t\u00e9moins de notre enqu\u00eate &#8211; \u00e9ducateurs"},"content":{"rendered":"<p>[vc_row][vc_column][vc_empty_space height=\u00a0\u00bb10px\u00a0\u00bb][\/vc_column][\/vc_row][vc_row][vc_column el_class=\u00a0\u00bbalign-center\u00a0\u00bb]<div class=\"trinity-box box-white  animated\" data-fx=\"fadeInUpBig\">\n                  <span><span class=\"\">Pionniers et psycho\u00e9ducateurs de Boscoville<\/span><\/span>\n                <\/div>[\/vc_column][\/vc_row][vc_row][vc_column width=\u00a0\u00bb1\/6&Prime;][\/vc_column][vc_column width=\u00a0\u00bb2\/3&Prime;][vc_empty_space height=\u00a0\u00bb60px\u00a0\u00bb][vc_column_text el_class=\u00a0\u00bbalign-center\u00a0\u00bb]<\/p>\n<p style=\"text-align: center;\"><big><span style=\"color: #ffffff;\">ENTREVUES PR\u00c9LIMINAIRES AYANT MEN\u00c9<br \/>\n\u00c0 L\u2019\u00c9LABORATION DE L\u2019ENQU\u00caTE ORALE<\/span><\/big><\/p>\n<p>&nbsp;<\/p>\n<p><span style=\"color: #c4c4c4;\">Pour des raisons de qualit\u00e9 sonore, nous n\u2019avons pas reproduit d\u2019extraits de ces premiers entretiens, men\u00e9s de mani\u00e8re informelle. Leur contenu a toutefois grandement aliment\u00e9 notre r\u00e9flexion ; il a confirm\u00e9 notre souhait de d\u00e9marrer ce projet. Un merci chaleureux \u00e0 ces premiers t\u00e9moins inspirants.<\/span>[\/vc_column_text][vc_empty_space height=\u00a0\u00bb20px\u00a0\u00bb][\/vc_column][vc_column width=\u00a0\u00bb1\/6&Prime;][\/vc_column][\/vc_row][vc_row el_class=\u00a0\u00bbalign-center\u00a0\u00bb][vc_column width=\u00a0\u00bb1\/2&Prime; el_class=\u00a0\u00bbalign-right\u00a0\u00bb][vc_column_text]<big><span style=\"color: #ffffff;\">Pionniers, \u00e9ducateurs et<br \/>\npsycho\u00e9ducateurs<\/span><\/big>[\/vc_column_text][\/vc_column][vc_column width=\u00a0\u00bb1\/2&Prime; el_class=\u00a0\u00bbalign-left\u00a0\u00bb][vc_column_text]<big><span style=\"color: #ffffff;\">Date d\u2019entrevues<\/span><\/big>[\/vc_column_text][\/vc_column][\/vc_row][vc_row el_class=\u00a0\u00bbalign-center\u00a0\u00bb][vc_column width=\u00a0\u00bb1\/2&Prime; el_class=\u00a0\u00bbalign-right\u00a0\u00bb][vc_column_text]<big><span style=\"color: #c4c4c4;\">Gilles Gendreau<\/span><\/big>[\/vc_column_text][\/vc_column][vc_column width=\u00a0\u00bb1\/2&Prime; el_class=\u00a0\u00bbalign-left\u00a0\u00bb][vc_column_text]<big><span style=\"color: #c4c4c4;\">Juin 2006<\/span><\/big>[\/vc_column_text][\/vc_column][\/vc_row][vc_row el_class=\u00a0\u00bbalign-center\u00a0\u00bb][vc_column width=\u00a0\u00bb1\/2&Prime; el_class=\u00a0\u00bbalign-right\u00a0\u00bb][vc_column_text]<big><span style=\"color: #c4c4c4;\">Claude Bilodeau<\/span><\/big>[\/vc_column_text][\/vc_column][vc_column width=\u00a0\u00bb1\/2&Prime; el_class=\u00a0\u00bbalign-left\u00a0\u00bb][vc_column_text]<big><span style=\"color: #c4c4c4;\">Juillet 2009<\/span><\/big>[\/vc_column_text][\/vc_column][\/vc_row][vc_row el_class=\u00a0\u00bbalign-center\u00a0\u00bb][vc_column width=\u00a0\u00bb1\/2&Prime; el_class=\u00a0\u00bbalign-right\u00a0\u00bb][vc_column_text]<big><span style=\"color: #c4c4c4;\">Jean-Claude Boivin<\/span><\/big>[\/vc_column_text][\/vc_column][vc_column width=\u00a0\u00bb1\/2&Prime; el_class=\u00a0\u00bbalign-left\u00a0\u00bb][vc_column_text]<big><span style=\"color: #c4c4c4;\">Juillet 2009<\/span><\/big>[\/vc_column_text][\/vc_column][\/vc_row][vc_row el_class=\u00a0\u00bbalign-center\u00a0\u00bb][vc_column width=\u00a0\u00bb1\/2&Prime; el_class=\u00a0\u00bbalign-right\u00a0\u00bb][vc_column_text]<big><span style=\"color: #c4c4c4;\">Pierre Potvin<\/span><\/big>[\/vc_column_text][\/vc_column][vc_column width=\u00a0\u00bb1\/2&Prime; el_class=\u00a0\u00bbalign-left\u00a0\u00bb][vc_column_text]<big><span style=\"color: #c4c4c4;\">F\u00e9vrier 2011<\/span><\/big>[\/vc_column_text][\/vc_column][\/vc_row][vc_row][vc_column][vc_empty_space height=\u00a0\u00bb30px\u00a0\u00bb][vc_separator color=\u00a0\u00bbwhite\u00a0\u00bb][\/vc_column][\/vc_row][vc_row][vc_column width=\u00a0\u00bb1\/6&Prime;][\/vc_column][vc_column width=\u00a0\u00bb2\/3&Prime;][vc_empty_space height=\u00a0\u00bb60px\u00a0\u00bb][vc_column_text el_class=\u00a0\u00bbalign-center\u00a0\u00bb]<\/p>\n<p style=\"text-align: center;\"><big><span style=\"color: #ffffff;\">ENTREVUES DE L\u2019ENQU\u00caTE FORMELLE<\/span><\/big><\/p>\n<p>[\/vc_column_text][vc_empty_space height=\u00a0\u00bb20px\u00a0\u00bb][\/vc_column][vc_column width=\u00a0\u00bb1\/6&Prime;][\/vc_column][\/vc_row][vc_row el_class=\u00a0\u00bbalign-center\u00a0\u00bb][vc_column width=\u00a0\u00bb1\/3&Prime; el_class=\u00a0\u00bbalign-center\u00a0\u00bb][vc_column_text]<big><span style=\"color: #ffffff;\">Pionniers, \u00e9ducateurs et<br \/>\npsycho\u00e9ducateurs<\/span><\/big>[\/vc_column_text][\/vc_column][vc_column width=\u00a0\u00bb1\/3&Prime;][vc_column_text]<big><span style=\"color: #ffffff;\">P\u00e9riode \u00e0 l\u2019emploi<br \/>\nde Boscoville<\/span><\/big>[\/vc_column_text][\/vc_column][vc_column width=\u00a0\u00bb1\/3&Prime;][vc_column_text]<big><span style=\"color: #ffffff;\">Date d\u2019entrevues<\/span><\/big>[\/vc_column_text][\/vc_column][\/vc_row][vc_row el_class=\u00a0\u00bbalign-center\u00a0\u00bb][vc_column width=\u00a0\u00bb1\/3&Prime; el_class=\u00a0\u00bbalign-center\u00a0\u00bb][vc_column_text]<big><span style=\"color: #c4c4c4;\">Raymond Gagnier<\/span><\/big>[\/vc_column_text][\/vc_column][vc_column width=\u00a0\u00bb1\/3&Prime;][vc_column_text]<big><span style=\"color: #c4c4c4;\">1956-1962<\/span><\/big>[\/vc_column_text][\/vc_column][vc_column width=\u00a0\u00bb1\/3&Prime;][vc_column_text]<big><span style=\"color: #c4c4c4;\">Juillet 2012<\/span><\/big>[\/vc_column_text][\/vc_column][\/vc_row][vc_row el_class=\u00a0\u00bbalign-center\u00a0\u00bb][vc_column width=\u00a0\u00bb1\/3&Prime; el_class=\u00a0\u00bbalign-center\u00a0\u00bb][vc_column_text]<big><span style=\"color: #c4c4c4;\">Pauline Jacob<\/span><\/big>[\/vc_column_text][\/vc_column][vc_column width=\u00a0\u00bb1\/3&Prime;][vc_column_text]<big><span style=\"color: #c4c4c4;\">1968-1975<\/span><\/big>[\/vc_column_text][\/vc_column][vc_column width=\u00a0\u00bb1\/3&Prime;][vc_column_text]<big><span style=\"color: #c4c4c4;\">Septembre 2012<\/span><\/big>[\/vc_column_text][\/vc_column][\/vc_row][vc_row el_class=\u00a0\u00bbalign-center\u00a0\u00bb][vc_column width=\u00a0\u00bb1\/3&Prime; el_class=\u00a0\u00bbalign-center\u00a0\u00bb][vc_column_text]<big><span style=\"color: #c4c4c4;\">Michel Goudreau<\/span><\/big>[\/vc_column_text][\/vc_column][vc_column width=\u00a0\u00bb1\/3&Prime;][vc_column_text]<big><span style=\"color: #c4c4c4;\">1968-1997<\/span><\/big>[\/vc_column_text][\/vc_column][vc_column width=\u00a0\u00bb1\/3&Prime;][vc_column_text]<big><span style=\"color: #c4c4c4;\">Septembre 2012<\/span><\/big>[\/vc_column_text][\/vc_column][\/vc_row][vc_row el_class=\u00a0\u00bbalign-center\u00a0\u00bb][vc_column width=\u00a0\u00bb1\/3&Prime; el_class=\u00a0\u00bbalign-center\u00a0\u00bb][vc_column_text]<big><span style=\"color: #c4c4c4;\">Ga\u00e9tan Gagnon<\/span><\/big>[\/vc_column_text][\/vc_column][vc_column width=\u00a0\u00bb1\/3&Prime;][vc_column_text]<big><span style=\"color: #c4c4c4;\">1968-1978<\/span><\/big>[\/vc_column_text][\/vc_column][vc_column width=\u00a0\u00bb1\/3&Prime;][vc_column_text]<big><span style=\"color: #c4c4c4;\">Ao\u00fbt 2012<\/span><\/big>[\/vc_column_text][\/vc_column][\/vc_row][vc_row el_class=\u00a0\u00bbalign-center\u00a0\u00bb][vc_column width=\u00a0\u00bb1\/3&Prime; el_class=\u00a0\u00bbalign-center\u00a0\u00bb][vc_column_text]<big><span style=\"color: #c4c4c4;\">Guy Lapointe<\/span><\/big>[\/vc_column_text][\/vc_column][vc_column width=\u00a0\u00bb1\/3&Prime;][vc_column_text]<big><span style=\"color: #c4c4c4;\">1953-1977<\/span><\/big>[\/vc_column_text][\/vc_column][vc_column width=\u00a0\u00bb1\/3&Prime;][vc_column_text]<big><span style=\"color: #c4c4c4;\">Mars 2013<\/span><\/big>[\/vc_column_text][\/vc_column][\/vc_row][vc_row el_class=\u00a0\u00bbalign-center\u00a0\u00bb][vc_column width=\u00a0\u00bb1\/3&Prime; el_class=\u00a0\u00bbalign-center\u00a0\u00bb][vc_column_text]<big><span style=\"color: #c4c4c4;\">Claire Lalande-Gendreau<\/span><\/big>[\/vc_column_text][\/vc_column][vc_column width=\u00a0\u00bb1\/3&Prime;][vc_column_text]<big><span style=\"color: #c4c4c4;\">1949-1972<\/span><\/big>[\/vc_column_text][\/vc_column][vc_column width=\u00a0\u00bb1\/3&Prime;][vc_column_text]<big><span style=\"color: #c4c4c4;\">Mars 2013<\/span><\/big>[\/vc_column_text][\/vc_column][\/vc_row][vc_row el_class=\u00a0\u00bbalign-center\u00a0\u00bb][vc_column width=\u00a0\u00bb1\/3&Prime; el_class=\u00a0\u00bbalign-center\u00a0\u00bb][vc_column_text]<big><span style=\"color: #c4c4c4;\">Pierre McLean<\/span><\/big>[\/vc_column_text][\/vc_column][vc_column width=\u00a0\u00bb1\/3&Prime;][vc_column_text]<big><span style=\"color: #c4c4c4;\">1960-1997<\/span><\/big>[\/vc_column_text][\/vc_column][vc_column width=\u00a0\u00bb1\/3&Prime;][vc_column_text]<big><span style=\"color: #c4c4c4;\">Mai 2013<\/span><\/big>[\/vc_column_text][\/vc_column][\/vc_row][vc_row el_class=\u00a0\u00bbalign-center\u00a0\u00bb][vc_column width=\u00a0\u00bb1\/3&Prime; el_class=\u00a0\u00bbalign-center\u00a0\u00bb][vc_column_text]<big><span style=\"color: #c4c4c4;\">Michel Provost <\/span><\/big>[\/vc_column_text][\/vc_column][vc_column width=\u00a0\u00bb1\/3&Prime;][vc_column_text]<big><span style=\"color: #c4c4c4;\">1973-1979<\/span><\/big>[\/vc_column_text][\/vc_column][vc_column width=\u00a0\u00bb1\/3&Prime;][vc_column_text]<big><span style=\"color: #c4c4c4;\">Mai 2013<\/span><\/big>[\/vc_column_text][\/vc_column][\/vc_row][vc_row el_class=\u00a0\u00bbalign-center\u00a0\u00bb][vc_column width=\u00a0\u00bb1\/3&Prime; el_class=\u00a0\u00bbalign-center\u00a0\u00bb][vc_column_text]<big><span style=\"color: #c4c4c4;\">Jean Ducharme<\/span><\/big>[\/vc_column_text][\/vc_column][vc_column width=\u00a0\u00bb1\/3&Prime;][vc_column_text]<big><span style=\"color: #c4c4c4;\">1962-1996<\/span><\/big>[\/vc_column_text][\/vc_column][vc_column width=\u00a0\u00bb1\/3&Prime;][vc_column_text]<big><span style=\"color: #c4c4c4;\">F\u00e9vrier 2014<\/span><\/big>[\/vc_column_text][\/vc_column][\/vc_row][vc_row el_class=\u00a0\u00bbalign-center\u00a0\u00bb][vc_column width=\u00a0\u00bb1\/3&Prime; el_class=\u00a0\u00bbalign-center\u00a0\u00bb][vc_column_text]<big><span style=\"color: #c4c4c4;\">Andr\u00e9 Melan\u00e7on<\/span><\/big>[\/vc_column_text][\/vc_column][vc_column width=\u00a0\u00bb1\/3&Prime;][vc_column_text]<big><span style=\"color: #c4c4c4;\">Circa 1964-1970<\/span><\/big>[\/vc_column_text][\/vc_column][vc_column width=\u00a0\u00bb1\/3&Prime;][vc_column_text]<big><span style=\"color: #c4c4c4;\">Septembre 2014<\/span><\/big>[\/vc_column_text][\/vc_column][\/vc_row][vc_row el_class=\u00a0\u00bbalign-center\u00a0\u00bb][vc_column width=\u00a0\u00bb1\/3&Prime; el_class=\u00a0\u00bbalign-center\u00a0\u00bb][vc_column_text]<big><span style=\"color: #c4c4c4;\">Jean-Paul D\u00e9om<\/span><\/big>[\/vc_column_text][\/vc_column][vc_column width=\u00a0\u00bb1\/3&Prime;][vc_column_text]<big><span style=\"color: #c4c4c4;\">1954 &#8211; circa 1979<\/span><\/big>[\/vc_column_text][\/vc_column][vc_column width=\u00a0\u00bb1\/3&Prime;][vc_column_text]<big><span style=\"color: #c4c4c4;\">Novembre 2015<\/span><\/big>[\/vc_column_text][\/vc_column][\/vc_row][vc_row][vc_column][vc_empty_space height=\u00a0\u00bb30px\u00a0\u00bb][\/vc_column][\/vc_row]<\/p>\n","protected":false},"excerpt":{"rendered":"<p>[vc_row][vc_column][vc_empty_space height=\u00a0\u00bb10px\u00a0\u00bb][\/vc_column][\/vc_row][vc_row][vc_column el_class=\u00a0\u00bbalign-center\u00a0\u00bb][\/vc_column][\/vc_row][vc_row][vc_column width=\u00a0\u00bb1\/6&Prime;][\/vc_column][vc_column width=\u00a0\u00bb2\/3&Prime;][vc_empty_space height=\u00a0\u00bb60px\u00a0\u00bb][vc_column_text el_class=\u00a0\u00bbalign-center\u00a0\u00bb] ENTREVUES PR\u00c9LIMINAIRES AYANT MEN\u00c9 \u00c0 L\u2019\u00c9LABORATION DE L\u2019ENQU\u00caTE ORALE &nbsp; Pour des raisons de qualit\u00e9 sonore, nous n\u2019avons pas reproduit d\u2019extraits de ces premiers entretiens, men\u00e9s de mani\u00e8re informelle. Leur contenu a toutefois grandement aliment\u00e9 notre r\u00e9flexion ; il a confirm\u00e9 notre souhait de d\u00e9marrer ce projet. Un [&hellip;]<\/p>\n","protected":false},"author":5,"featured_media":0,"parent":693,"menu_order":46,"comment_status":"closed","ping_status":"closed","template":"parallax-bg-page.php","meta":{"footnotes":""},"class_list":["post-797","page","type-page","status-publish","hentry"],"_links":{"self":[{"href":"https:\/\/boscoville.uqam.ca\/index.php\/wp-json\/wp\/v2\/pages\/797","targetHints":{"allow":["GET"]}}],"collection":[{"href":"https:\/\/boscoville.uqam.ca\/index.php\/wp-json\/wp\/v2\/pages"}],"about":[{"href":"https:\/\/boscoville.uqam.ca\/index.php\/wp-json\/wp\/v2\/types\/page"}],"author":[{"embeddable":true,"href":"https:\/\/boscoville.uqam.ca\/index.php\/wp-json\/wp\/v2\/users\/5"}],"replies":[{"embeddable":true,"href":"https:\/\/boscoville.uqam.ca\/index.php\/wp-json\/wp\/v2\/comments?post=797"}],"version-history":[{"count":12,"href":"https:\/\/boscoville.uqam.ca\/index.php\/wp-json\/wp\/v2\/pages\/797\/revisions"}],"predecessor-version":[{"id":810,"href":"https:\/\/boscoville.uqam.ca\/index.php\/wp-json\/wp\/v2\/pages\/797\/revisions\/810"}],"up":[{"embeddable":true,"href":"https:\/\/boscoville.uqam.ca\/index.php\/wp-json\/wp\/v2\/pages\/693"}],"wp:attachment":[{"href":"https:\/\/boscoville.uqam.ca\/index.php\/wp-json\/wp\/v2\/media?parent=797"}],"curies":[{"name":"wp","href":"https:\/\/api.w.org\/{rel}","templated":true}]}}